{"id":21,"date":"2021-10-05T11:54:06","date_gmt":"2021-10-05T09:54:06","guid":{"rendered":"https:\/\/lachataigneraie.fr\/menucourt\/?page_id=21"},"modified":"2025-09-25T02:04:38","modified_gmt":"2025-09-25T00:04:38","slug":"mentions-legales","status":"publish","type":"page","link":"https:\/\/lachataigneraie.fr\/menucourt\/mentions-legales\/","title":{"rendered":"Mentions l\u00e9gales"},"content":{"rendered":"<p>[et_pb_section fb_built=\u00a0\u00bb1&Prime; _builder_version=\u00a0\u00bb4.16&Prime; global_colors_info=\u00a0\u00bb{}\u00a0\u00bb][et_pb_row _builder_version=\u00a0\u00bb4.17.4&Prime; _module_preset=\u00a0\u00bbdefault\u00a0\u00bb global_colors_info=\u00a0\u00bb{}\u00a0\u00bb][et_pb_column type=\u00a0\u00bb4_4&Prime; _builder_version=\u00a0\u00bb4.17.4&Prime; _module_preset=\u00a0\u00bbdefault\u00a0\u00bb global_colors_info=\u00a0\u00bb{}\u00a0\u00bb][et_pb_post_title meta=\u00a0\u00bboff\u00a0\u00bb featured_image=\u00a0\u00bboff\u00a0\u00bb _builder_version=\u00a0\u00bb4.17.4&Prime; _module_preset=\u00a0\u00bbdefault\u00a0\u00bb global_colors_info=\u00a0\u00bb{}\u00a0\u00bb][\/et_pb_post_title][\/et_pb_column][\/et_pb_row][et_pb_row column_structure=\u00a0\u00bb1_2,1_2&Prime; _builder_version=\u00a0\u00bb4.16&Prime; background_size=\u00a0\u00bbinitial\u00a0\u00bb background_position=\u00a0\u00bbtop_left\u00a0\u00bb background_repeat=\u00a0\u00bbrepeat\u00a0\u00bb global_colors_info=\u00a0\u00bb{}\u00a0\u00bb][et_pb_column type=\u00a0\u00bb1_2&Prime; _builder_version=\u00a0\u00bb4.16&Prime; custom_padding=\u00a0\u00bb|||\u00a0\u00bb global_colors_info=\u00a0\u00bb{}\u00a0\u00bb custom_padding__hover=\u00a0\u00bb|||\u00a0\u00bb][et_pb_text ul_type=\u00a0\u00bbnone\u00a0\u00bb _builder_version=\u00a0\u00bb4.27.4&Prime; _module_preset=\u00a0\u00bbdefault\u00a0\u00bb hover_enabled=\u00a0\u00bb0&Prime; global_colors_info=\u00a0\u00bb{}\u00a0\u00bb sticky_enabled=\u00a0\u00bb0&Prime;]<\/p>\n<h2>Publication<\/h2>\n<ul>\n<li><em>La Ch\u00e2taigneraie<\/em><\/li>\n<li><em>Clinique de R\u00e9adaptation et R\u00e9\u00e9ducation Fonctionnelles<\/em><\/li>\n<li><em>CHRRF La Ch\u00e2taigneraie<br \/>Rue Bernard Astruc<br \/>95180 MENUCOURT<\/em><\/li>\n<li><em><a href=\"mailto:direction@lachataigneraie.fr\">direction@lachataigneraie.fr<\/a><\/em><\/li>\n<li><em>01 34 46 65 65<\/em><\/li>\n<li>Directeur de publication : <em>M. Damien Akrich (directeur)<br \/><\/em><\/li>\n<li>N\u00b0 de SIRET : <em>31184448400023<\/em><\/li>\n<li><em>L\u2019autorit\u00e9 dont d\u00e9pend l\u2019association La Ch\u00e2taigneraie et l\u2019ARS d\u2019\u00cele-de-France<br \/>Adresse de l\u2019ARS : Immeuble Curve \u2013 13 rue du Landy \u2013 93200 SAINT-DENIS<\/em><\/li>\n<\/ul>\n<p>[\/et_pb_text][et_pb_text ul_type=\u00a0\u00bbnone\u00a0\u00bb _builder_version=\u00a0\u00bb4.17.4&Prime; _module_preset=\u00a0\u00bbdefault\u00a0\u00bb global_colors_info=\u00a0\u00bb{}\u00a0\u00bb]<\/p>\n<h2>Cr\u00e9dits photo<\/h2>\n<ul>\n<li><em>&copy; Incite Communication<\/em><\/li>\n<\/ul>\n<p>[\/et_pb_text][\/et_pb_column][et_pb_column type=\u00a0\u00bb1_2&Prime; _builder_version=\u00a0\u00bb4.16&Prime; custom_padding=\u00a0\u00bb|||\u00a0\u00bb global_colors_info=\u00a0\u00bb{}\u00a0\u00bb custom_padding__hover=\u00a0\u00bb|||\u00a0\u00bb][et_pb_text ul_type=\u00a0\u00bbnone\u00a0\u00bb _builder_version=\u00a0\u00bb4.17.4&Prime; _module_preset=\u00a0\u00bbdefault\u00a0\u00bb global_colors_info=\u00a0\u00bb{}\u00a0\u00bb]<\/p>\n<h2>Conception<\/h2>\n<ul>\n<li><a rel=\"noreferrer noopener\" aria-label=\"Incite-Communication (s\u2019ouvre dans un nouvel onglet)\" href=\"http:\/\/incite-communication.fr\/\" target=\"_blank\">Incite-Communication<\/a><\/li>\n<li>75 Chemin de Halage, 95610 \u00c9ragny<\/li>\n<li>T\u00e9l : 01 34 24 94 91<\/li>\n<\/ul>\n<p>[\/et_pb_text][et_pb_text ul_type=\u00a0\u00bbnone\u00a0\u00bb _builder_version=\u00a0\u00bb4.17.4&Prime; _module_preset=\u00a0\u00bbdefault\u00a0\u00bb global_colors_info=\u00a0\u00bb{}\u00a0\u00bb]<\/p>\n<h2>H\u00e9bergeur<\/h2>\n<ul>\n<li><em>o2switch<\/em><\/li>\n<li><em>224 Bd Gustave Flaubert 63000 Clermont-Ferrand<\/em><\/li>\n<li>T\u00e9l : <em>04 44 44 60 40<\/em><\/li>\n<li><em>https:\/\/www.o2switch.fr<\/em><\/li>\n<\/ul>\n<p>[\/et_pb_text][\/et_pb_column][\/et_pb_row][et_pb_row _builder_version=\u00a0\u00bb4.16&Prime; _module_preset=\u00a0\u00bbdefault\u00a0\u00bb global_colors_info=\u00a0\u00bb{}\u00a0\u00bb][et_pb_column type=\u00a0\u00bb4_4&Prime; _builder_version=\u00a0\u00bb4.16&Prime; _module_preset=\u00a0\u00bbdefault\u00a0\u00bb global_colors_info=\u00a0\u00bb{}\u00a0\u00bb][et_pb_divider color=\u00a0\u00bb#76A7D3&Prime; divider_position=\u00a0\u00bbcenter\u00a0\u00bb divider_weight=\u00a0\u00bb3px\u00a0\u00bb _builder_version=\u00a0\u00bb4.17.4&Prime; _module_preset=\u00a0\u00bbdefault\u00a0\u00bb global_colors_info=\u00a0\u00bb{}\u00a0\u00bb][\/et_pb_divider][\/et_pb_column][\/et_pb_row][et_pb_row column_structure=\u00a0\u00bb1_2,1_2&Prime; _builder_version=\u00a0\u00bb4.16&Prime; _module_preset=\u00a0\u00bbdefault\u00a0\u00bb global_colors_info=\u00a0\u00bb{}\u00a0\u00bb][et_pb_column type=\u00a0\u00bb1_2&Prime; _builder_version=\u00a0\u00bb4.16&Prime; _module_preset=\u00a0\u00bbdefault\u00a0\u00bb global_colors_info=\u00a0\u00bb{}\u00a0\u00bb][et_pb_text ul_type=\u00a0\u00bbnone\u00a0\u00bb _builder_version=\u00a0\u00bb4.17.4&Prime; _module_preset=\u00a0\u00bbdefault\u00a0\u00bb global_colors_info=\u00a0\u00bb{}\u00a0\u00bb]<\/p>\n<h2>Droits d\u2019auteur \u2013 Copyright<\/h2>\n<ul>\n<li>L\u2019ensemble de ce site rel\u00e8ve de la l\u00e9gislation fran\u00e7aise et internationale sur le droit d\u2019auteur et la propri\u00e9t\u00e9 intellectuelle. Tous les droits de reproduction sont r\u00e9serv\u00e9s, y compris les documents t\u00e9l\u00e9chargeables et les repr\u00e9sentations iconographiques et photographiques.<\/li>\n<li>La reproduction de tout ou partie de ce site sur un support \u00e9lectronique, quel qu\u2019il soit, est formellement interdite, sauf autorisation expresse du directeur de la publication.<\/li>\n<\/ul>\n<p>[\/et_pb_text][et_pb_text ul_type=\u00a0\u00bbnone\u00a0\u00bb _builder_version=\u00a0\u00bb4.17.4&Prime; _module_preset=\u00a0\u00bbdefault\u00a0\u00bb global_colors_info=\u00a0\u00bb{}\u00a0\u00bb]<\/p>\n<h2>Modification du site<\/h2>\n<ul>\n<li><em>La Ch\u00e2taigneraie &#8211; Menucourt<\/em> se r\u00e9serve le droit de modifier ou de corriger le contenu de ce site et cette mention l\u00e9gale \u00e0 tout moment et ceci sans pr\u00e9avis.<\/li>\n<\/ul>\n<p>[\/et_pb_text][et_pb_text ul_type=\u00a0\u00bbnone\u00a0\u00bb _builder_version=\u00a0\u00bb4.21.0&Prime; background_size=\u00a0\u00bbinitial\u00a0\u00bb background_position=\u00a0\u00bbtop_left\u00a0\u00bb background_repeat=\u00a0\u00bbrepeat\u00a0\u00bb global_colors_info=\u00a0\u00bb{}\u00a0\u00bb]<\/p>\n<p>Ce site Internet est r\u00e9gi par le droit fran\u00e7ais.<\/p>\n<p><\/p>\n<ul>\n<li>Les informations recueillies font l\u2019objet d\u2019un traitement informatique destin\u00e9 aux responsables de service concern\u00e9s. Seules les personnes habilit\u00e9es de notre soci\u00e9t\u00e9 pourront acc\u00e9der \u00e0 vos donn\u00e9es \u00e0 des fins strictement internes.<\/li>\n<p><\/p>\n<li>Conform\u00e9ment \u00e0 la loi \u201cinformatique et libert\u00e9s\u201d du 6 janvier 1978 modifi\u00e9e en 2004, vous b\u00e9n\u00e9ficiez d\u2019un droit d\u2019acc\u00e8s, de rectification et de suppression des informations qui vous concernent, que vous pouvez exercer en vous adressant \u00e0 <em>M. Damien Akrich, directeur, CHRRF La Ch\u00e2taigneraie Menucourt, Rue Bernard ASTRUC 95180 MENUCOURT<\/em>.<\/li>\n<\/ul>\n<p>[\/et_pb_text][\/et_pb_column][et_pb_column type=\u00a0\u00bb1_2&Prime; _builder_version=\u00a0\u00bb4.17.4&Prime; _module_preset=\u00a0\u00bbdefault\u00a0\u00bb global_colors_info=\u00a0\u00bb{}\u00a0\u00bb][et_pb_text ul_type=\u00a0\u00bbnone\u00a0\u00bb _builder_version=\u00a0\u00bb4.17.4&Prime; _module_preset=\u00a0\u00bbdefault\u00a0\u00bb custom_padding=\u00a0\u00bb||||false|false\u00a0\u00bb global_colors_info=\u00a0\u00bb{}\u00a0\u00bb]<\/p>\n<h2>Exon\u00e9ration de responsabilit\u00e9<\/h2>\n<ul>\n<li>Il appartient \u00e0 l\u2019utilisateur de ce site de prendre toutes les mesures appropri\u00e9es de fa\u00e7on \u00e0 prot\u00e9ger ses propres donn\u00e9es et\/ou logiciels de contamination par d\u2019\u00e9ventuels virus circulant sur le r\u00e9seau Internet.<\/li>\n<p><\/p>\n<li><em>La Ch\u00e2taigneraie &#8211; Menucourt<\/em> ne pourra \u00eatre tenu responsable des dommages directs ou indirects r\u00e9sultant de l\u2019usage de ce site Internet ou d\u2019autres sites qui lui sont li\u00e9s, notamment du fait de non-acc\u00e8s \u00e0 son site, de dysfonctionnements li\u00e9s au r\u00e9seau Internet, \u00e0 l\u2019h\u00e9bergeur du site ou l\u2019h\u00e9bergeur d\u2019une partie du site ou d\u2019interruption de service pour cause de maintenance ou de mise \u00e0 jour.<\/li>\n<\/ul>\n<p>[\/et_pb_text][\/et_pb_column][\/et_pb_row][\/et_pb_section]<\/p>\n","protected":false},"excerpt":{"rendered":"<p>Publication La Ch\u00e2taigneraie Clinique de R\u00e9adaptation et R\u00e9\u00e9ducation Fonctionnelles CHRRF La Ch\u00e2taigneraieRue Bernard Astruc95180 MENUCOURT direction@lachataigneraie.fr 01 34 46 65 65 Directeur de publication : M. Damien Akrich (directeur) N\u00b0 de SIRET : 31184448400023 L\u2019autorit\u00e9 dont d\u00e9pend l\u2019association La Ch\u00e2taigneraie et l\u2019ARS d\u2019\u00cele-de-FranceAdresse de l\u2019ARS : Immeuble Curve \u2013 13 rue du Landy \u2013 93200 [&hellip;]<\/p>\n","protected":false},"author":9,"featured_media":0,"parent":0,"menu_order":0,"comment_status":"closed","ping_status":"closed","template":"","meta":{"_seopress_robots_primary_cat":"","_seopress_titles_title":"Mentions l\u00e9gales - %%sitetitle%%","_seopress_titles_desc":"La Ch\u00e2taigneraie Menucourt - Mentions l\u00e9gales","_seopress_robots_index":"","_et_pb_use_builder":"on","_et_pb_old_content":"<!-- wp:themeisle-blocks\/advanced-columns {\"id\":\"wp-block-themeisle-blocks-advanced-columns-ffb8ad4e\",\"columns\":1,\"layout\":\"equal\",\"paddingTablet\":20,\"paddingMobile\":20,\"paddingTopTablet\":20,\"paddingTopMobile\":20,\"paddingRightTablet\":20,\"paddingRightMobile\":20,\"paddingBottomTablet\":20,\"paddingBottomMobile\":20,\"paddingLeftTablet\":20,\"paddingLeftMobile\":20,\"marginTablet\":20,\"marginMobile\":20,\"marginTopTablet\":20,\"marginTopMobile\":20,\"marginBottomTablet\":20,\"marginBottomMobile\":20,\"align\":\"wide\"} -->\n<div class=\"wp-block-themeisle-blocks-advanced-columns alignwide has-1-columns has-desktop-equal-layout has-tablet-equal-layout has-mobile-equal-layout has-default-gap has-vertical-unset\" id=\"wp-block-themeisle-blocks-advanced-columns-ffb8ad4e\"><div class=\"wp-block-themeisle-blocks-advanced-columns-overlay\"><\/div><div class=\"innerblocks-wrap\"><!-- wp:themeisle-blocks\/advanced-column {\"id\":\"wp-block-themeisle-blocks-advanced-column-57ffcd1a\",\"paddingTablet\":20,\"paddingMobile\":20,\"paddingTopTablet\":20,\"paddingTopMobile\":20,\"paddingRightTablet\":20,\"paddingRightMobile\":20,\"paddingBottomTablet\":20,\"paddingBottomMobile\":20,\"paddingLeftTablet\":20,\"paddingLeftMobile\":20,\"marginTablet\":20,\"marginMobile\":20,\"marginTopTablet\":20,\"marginTopMobile\":20,\"marginRightTablet\":0,\"marginRightMobile\":0,\"marginBottomTablet\":20,\"marginBottomMobile\":20,\"marginLeftTablet\":0,\"marginLeftMobile\":0,\"columnWidth\":\"100\"} -->\n<div class=\"wp-block-themeisle-blocks-advanced-column\" id=\"wp-block-themeisle-blocks-advanced-column-57ffcd1a\"><!-- wp:heading {\"level\":3} -->\n<h3 id=\"publication\">Publication<\/h3>\n<!-- \/wp:heading -->\n\n<!-- wp:list -->\n<ul><li> <em>[Nom de l'\u00e9tablissement]<\/em>\n<\/li><li> <em>[Nature de l'entreprise]<\/em>\n<\/li><li> <em>[adresse de l'entreprise]<\/em>\n<\/li><li> <em>[email de contact de l'entreprise]<\/em>\n<\/li><li> <em>[tel de contact de l'entreprise]<\/em>\n<\/li><li> Directeur de publication : <em>[M. ou Mme. xxxxx]<\/em>\n<\/li><li> N\u00b0 de SIRET : <em>[xxxxxxxxxxxxxx]<\/em>\n<\/li><\/ul>\n<!-- \/wp:list -->\n\n<!-- wp:heading {\"level\":3} -->\n<h3 id=\"conception\">Conception<\/h3>\n<!-- \/wp:heading -->\n\n<!-- wp:paragraph -->\n<p> <a rel=\"noreferrer noopener\" aria-label=\"Incite-Communication (s\u2019ouvre dans un nouvel onglet)\" href=\"http:\/\/incite-communication.fr\/\" target=\"_blank\">Incite-Communication<\/a><br> 75 Chemin de Halage, 95610 \u00c9ragny<br> T\u00e9l : 01 34 24 94 91<\/p>\n<!-- \/wp:paragraph -->\n\n<!-- wp:heading {\"level\":3} -->\n<h3 id=\"hebergeur\">H\u00e9bergeur<\/h3>\n<!-- \/wp:heading -->\n\n<!-- wp:list -->\n<ul><li> <em>[D\u00e9signation de l'h\u00e9bergeur]<\/em>\n<\/li><li> <em>[adresse de l'h\u00e9bergeur]<\/em>\n<\/li><li> T\u00e9l : <em>[xx xx xx xx xx]<\/em>\n<\/li><li> <em>[Site web de l'h\u00e9bergeur]<\/em>\n<\/li><\/ul>\n<!-- \/wp:list -->\n\n<!-- wp:heading {\"level\":3} -->\n<h3 id=\"credits_photo\">Cr\u00e9dits photo<\/h3>\n<!-- \/wp:heading -->\n\n<!-- wp:paragraph -->\n<p>\n<em>[Noms des photographes]<\/em>\n<\/p>\n<!-- \/wp:paragraph -->\n\n<!-- wp:heading {\"level\":3} -->\n<h3 id=\"droits_d_auteur_copyright\">Droits d\u2019auteur \u2013 Copyright<\/h3>\n<!-- \/wp:heading -->\n\n<!-- wp:list -->\n<ul><li> L\u2019ensemble de ce site rel\u00e8ve de la  l\u00e9gislation fran\u00e7aise et internationale sur le droit d\u2019auteur et la  propri\u00e9t\u00e9 intellectuelle. Tous les droits de reproduction sont r\u00e9serv\u00e9s, y compris les documents t\u00e9l\u00e9chargeables et les repr\u00e9sentations iconographiques et photographiques. <\/li><li> La reproduction de tout ou partie de ce site sur un support \u00e9lectronique, quel qu\u2019il soit, est formellement  interdite, sauf autorisation expresse du directeur de la publication. <\/li><\/ul>\n<!-- \/wp:list -->\n\n<!-- wp:heading {\"level\":3} -->\n<h3 id=\"modification_du_site\">Modification du site<\/h3>\n<!-- \/wp:heading -->\n\n<!-- wp:list -->\n<ul><li> <em>[Nom du site web]<\/em> se r\u00e9serve le droit de modifier ou de corriger le contenu de ce site et cette mention l\u00e9gale \u00e0 tout moment et ceci sans pr\u00e9avis. <\/li><\/ul>\n<!-- \/wp:list -->\n\n<!-- wp:heading {\"level\":3} -->\n<h3 id=\"exoneration_de_responsabilite\">Exon\u00e9ration de responsabilit\u00e9<\/h3>\n<!-- \/wp:heading -->\n\n<!-- wp:list -->\n<ul><li> Il appartient \u00e0 l\u2019utilisateur de ce site de prendre toutes les mesures appropri\u00e9es de fa\u00e7on \u00e0 prot\u00e9ger ses propres donn\u00e9es et\/ou logiciels de contamination par d\u2019\u00e9ventuels virus circulant sur le r\u00e9seau Internet. <\/li><li> <em>[Nom du site web]<\/em> ne pourra \u00eatre tenu responsable des dommages directs ou indirects r\u00e9sultant de l\u2019usage de ce site Internet ou d\u2019autres sites qui lui sont li\u00e9s, notamment du fait de non-acc\u00e8s \u00e0 son site, de dysfonctionnements li\u00e9s au r\u00e9seau Internet, \u00e0 l\u2019h\u00e9bergeur du site ou l\u2019h\u00e9bergeur d\u2019une partie du site ou d\u2019interruption de service pour cause de maintenance ou de mise \u00e0 jour.<br> <\/li><\/ul>\n<!-- \/wp:list -->\n\n<!-- wp:paragraph -->\n<p>\nCe site Internet est r\u00e9gi par le droit fran\u00e7ais.\n<\/p>\n<!-- \/wp:paragraph -->\n\n<!-- wp:list -->\n<ul><li> Les informations recueillies font l\u2019objet d\u2019un traitement informatique destin\u00e9 aux responsables de service  concern\u00e9s. Seules les personnes habilit\u00e9es de notre soci\u00e9t\u00e9 pourront acc\u00e9der \u00e0 vos donn\u00e9es \u00e0 des fins strictement internes. <\/li><li> Conform\u00e9ment \u00e0 la loi \u201cinformatique et libert\u00e9s\u201d du 6 janvier 1978 modifi\u00e9e en 2004, vous b\u00e9n\u00e9ficiez d\u2019un  droit d\u2019acc\u00e8s, de rectification et de suppression des informations qui vous concernent, que vous pouvez exercer en vous adressant \u00e0 <em>[Nom est adresse du responsable de publication]<\/em>. <\/li><\/ul>\n<!-- \/wp:list --><\/div>\n<!-- \/wp:themeisle-blocks\/advanced-column --><\/div><\/div>\n<!-- \/wp:themeisle-blocks\/advanced-columns -->","_et_gb_content_width":"","footnotes":""},"class_list":["post-21","page","type-page","status-publish","hentry"],"_links":{"self":[{"href":"https:\/\/lachataigneraie.fr\/menucourt\/wp-json\/wp\/v2\/pages\/21","targetHints":{"allow":["GET"]}}],"collection":[{"href":"https:\/\/lachataigneraie.fr\/menucourt\/wp-json\/wp\/v2\/pages"}],"about":[{"href":"https:\/\/lachataigneraie.fr\/menucourt\/wp-json\/wp\/v2\/types\/page"}],"author":[{"embeddable":true,"href":"https:\/\/lachataigneraie.fr\/menucourt\/wp-json\/wp\/v2\/users\/9"}],"replies":[{"embeddable":true,"href":"https:\/\/lachataigneraie.fr\/menucourt\/wp-json\/wp\/v2\/comments?post=21"}],"version-history":[{"count":32,"href":"https:\/\/lachataigneraie.fr\/menucourt\/wp-json\/wp\/v2\/pages\/21\/revisions"}],"predecessor-version":[{"id":6330,"href":"https:\/\/lachataigneraie.fr\/menucourt\/wp-json\/wp\/v2\/pages\/21\/revisions\/6330"}],"wp:attachment":[{"href":"https:\/\/lachataigneraie.fr\/menucourt\/wp-json\/wp\/v2\/media?parent=21"}],"curies":[{"name":"wp","href":"https:\/\/api.w.org\/{rel}","templated":true}]}}